{"id":1679,"date":"2019-05-29T10:56:26","date_gmt":"2019-05-29T08:56:26","guid":{"rendered":"http:\/\/masteravogacia.webs7.uvigo.es\/?page_id=1679"},"modified":"2020-07-16T10:24:38","modified_gmt":"2020-07-16T08:24:38","slug":"descricion-do-titulo","status":"publish","type":"page","link":"http:\/\/mila.uvigo.gal\/gl\/informacion\/descricion-do-titulo\/","title":{"rendered":"Descrici\u00f3n do t\u00edtulo"},"content":{"rendered":"<table>\n<tbody>\n<tr>\n<td><strong>Denominaci\u00f3n<\/strong><\/td>\n<td>M\u00e1ster Interuniversitario en Ling\u00fcistica Aplicada<\/td>\n<\/tr>\n<tr>\n<td class=\"th3\"><strong>C\u00f3digo RUCT do t\u00edtulo<\/strong><\/td>\n<td><strong><a href=\"https:\/\/www.educacion.gob.es\/ruct\/estudio.action?codigoCiclo=SC&amp;codigoTipo=M&amp;CodigoEstudio=4314271&amp;actual=estudios\" target=\"_blank\" rel=\"noopener noreferrer\">4314271<\/a><\/strong><\/td>\n<\/tr>\n<tr>\n<td><strong>Nivel acad\u00e9mico<\/strong><\/td>\n<td>M\u00e1ster &#8211; <a href=\"https:\/\/www.boe.es\/buscar\/act.php?id=BOE-A-2007-18770\" target=\"_blank\" rel=\"noopener noreferrer\">Real Decreto 1393\/2007<\/a>, de 29 de outubro<\/td>\n<\/tr>\n<tr>\n<td><strong>Rama de co\u00f1ecemento<\/strong><\/td>\n<td>Artes e humanidades<\/td>\n<\/tr>\n<tr>\n<td><strong>Tipo de ensino<\/strong><\/td>\n<td>Oficial (adaptada ao EEES)<\/td>\n<\/tr>\n<tr>\n<td><strong>Modalidade de ensino<\/strong><\/td>\n<td>Presencial<\/td>\n<\/tr>\n<tr>\n<td><strong>N\u00famero de prazas ofertadas<\/strong><\/td>\n<td>30 prazas (10 en UDC + 10 en USC + 10 en UVIGO)<\/td>\n<\/tr>\n<tr>\n<td><strong>Lingua de impartici\u00f3n<\/strong><\/td>\n<td>Castel\u00e1n, Galego<\/td>\n<\/tr>\n<tr>\n<td><strong>Curso acad\u00e9mico de implantaci\u00f3n<\/strong><\/td>\n<td>2013\/2014<\/td>\n<\/tr>\n<tr>\n<td><strong>N\u00famero de cr\u00e9ditos ECTS<\/strong><\/td>\n<td>60 cr\u00e9ditos, distribuidos en 2 cuadrimestres<\/td>\n<\/tr>\n<tr>\n<td><strong>R\u00e9xime de permanencia<\/strong><\/td>\n<td><a href=\"https:\/\/secretaria.uvigo.gal\/uv\/web\/normativa\/public\/show\/275\" target=\"_blank\" rel=\"noopener noreferrer\">Normativa de permanencia na UVigo<\/a><\/td>\n<\/tr>\n<tr>\n<td><strong>Duraci\u00f3n do programa<\/strong><\/td>\n<td>2 cuadrimestres, 1 ano<\/td>\n<\/tr>\n<tr>\n<td><strong>Suplemento Europeo ao T\u00edtulo<\/strong><\/td>\n<td>Requisitos: RD 22\/2015 <a href=\"https:\/\/www.boe.es\/diario_boe\/txt.php?id=BOE-A-2015-1158\" target=\"_blank\" rel=\"noopener noreferrer\">(BOE 07\/02\/2015)<\/a><\/td>\n<\/tr>\n<tr>\n<td><strong>Data de verificaci\u00f3n, publicaci\u00f3n, etc<\/strong><\/td>\n<td>25\/09\/2013 &#8211; Verificaci\u00f3n (Secretar\u00eda Xeral de Universidades 01\/10\/2012)<\/p>\n<p>05\/12\/2013 &#8211; Autorizaci\u00f3n na Comunidade Aut\u00f3noma de Galicia (<a href=\"http:\/\/www.xunta.es\/dog\/Publicados\/2013\/20131220\/AnuncioG0164-121213-0002_es.html\" target=\"_blank\" rel=\"noopener noreferrer\">DOG 20\/12\/2013<\/a>)<\/p>\n<p>01\/04\/2014 &#8211; Publicaci\u00f3n do Plan de Estudos (<a href=\"http:\/\/www.boe.es\/boe\/dias\/2014\/04\/16\/pdfs\/BOE-A-2014-4178.pdf\" target=\"_blank\" rel=\"noopener noreferrer\">BOE 16\/04\/2014<\/a>)<\/p>\n<p>11\/07\/2017 &#8211; <a href=\"https:\/\/sede.educacion.gob.es\/cid\/consultaCID?cid=259448732090769310804539\" target=\"_blank\" rel=\"noopener noreferrer\">Renovaci\u00f3n da acreditaci\u00f3n<\/a><\/td>\n<\/tr>\n<tr>\n<td><strong>Centros nos que se imparte<\/strong><\/td>\n<td><a href=\"http:\/\/fft.uvigo.es\" target=\"_blank\" rel=\"noopener noreferrer\">Facultade de Filolox\u00eda e Traduci\u00f3n (UVigo)<\/a><\/p>\n<p><a href=\"http:\/\/www.usc.es\/gl\/centros\/filoloxia\/\" target=\"_blank\" rel=\"noopener noreferrer\">Facultade de Filolox\u00eda (USC)<\/a><\/p>\n<p><a href=\"https:\/\/www.udc.es\/gl\/filo\/\" target=\"_blank\" rel=\"noopener noreferrer\">Facultade de Filolox\u00eda (UDC)<\/a><\/td>\n<\/tr>\n<tr>\n<td><strong>Memoria do t\u00edtulo<\/strong><\/td>\n<td><a href=\"https:\/\/sede.educacion.gob.es\/cid\/consultaCID?cid=129785156477757719969226\" target=\"_blank\" rel=\"noopener noreferrer\">Memoria verificada do t\u00edtulo<\/a><\/td>\n<\/tr>\n<\/tbody>\n<\/table>\n","protected":false},"excerpt":{"rendered":"<p>Denominaci\u00f3n M\u00e1ster Interuniversitario en Ling\u00fcistica Aplicada C\u00f3digo RUCT do t\u00edtulo 4314271 Nivel acad\u00e9mico M\u00e1ster &#8211; Real Decreto 1393\/2007, de 29 de outubro Rama de co\u00f1ecemento &hellip; <a class=\"excerpt_more\" href=\"http:\/\/mila.uvigo.gal\/gl\/informacion\/descricion-do-titulo\/\">Continuar<\/a><\/p>\n","protected":false},"author":2,"featured_media":0,"parent":1677,"menu_order":1,"comment_status":"closed","ping_status":"closed","template":"","meta":{"footnotes":""},"class_list":["post-1679","page","type-page","status-publish","hentry"],"_links":{"self":[{"href":"http:\/\/mila.uvigo.gal\/gl\/wp-json\/wp\/v2\/pages\/1679","targetHints":{"allow":["GET"]}}],"collection":[{"href":"http:\/\/mila.uvigo.gal\/gl\/wp-json\/wp\/v2\/pages"}],"about":[{"href":"http:\/\/mila.uvigo.gal\/gl\/wp-json\/wp\/v2\/types\/page"}],"author":[{"embeddable":true,"href":"http:\/\/mila.uvigo.gal\/gl\/wp-json\/wp\/v2\/users\/2"}],"replies":[{"embeddable":true,"href":"http:\/\/mila.uvigo.gal\/gl\/wp-json\/wp\/v2\/comments?post=1679"}],"version-history":[{"count":24,"href":"http:\/\/mila.uvigo.gal\/gl\/wp-json\/wp\/v2\/pages\/1679\/revisions"}],"predecessor-version":[{"id":25207,"href":"http:\/\/mila.uvigo.gal\/gl\/wp-json\/wp\/v2\/pages\/1679\/revisions\/25207"}],"up":[{"embeddable":true,"href":"http:\/\/mila.uvigo.gal\/gl\/wp-json\/wp\/v2\/pages\/1677"}],"wp:attachment":[{"href":"http:\/\/mila.uvigo.gal\/gl\/wp-json\/wp\/v2\/media?parent=1679"}],"curies":[{"name":"wp","href":"https:\/\/api.w.org\/{rel}","templated":true}]}}