{"id":1711,"date":"2019-05-29T11:24:51","date_gmt":"2019-05-29T09:24:51","guid":{"rendered":"http:\/\/masteravogacia.webs7.uvigo.es\/?page_id=1711"},"modified":"2024-11-14T18:17:56","modified_gmt":"2024-11-14T17:17:56","slug":"traballo-fin-de-master","status":"publish","type":"page","link":"http:\/\/mila.uvigo.gal\/gl\/docencia\/traballo-fin-de-master\/","title":{"rendered":"Traballo Fin de M\u00e1ster"},"content":{"rendered":"<p>O Traballo Fin de M\u00e1ster consiste nun traballo de investigaci\u00f3n vinculado \u00e1 pr\u00e1ctica profesional, orixinal e in\u00e9dito.<\/p>\n<p>Para poder defender o traballo de fin de m\u00e1ster ser\u00e1 necesario superar os restantes 54 cr\u00e9ditos ECTS da titulaci\u00f3n. O traballo fin de m\u00e1ster realizarase de acordo coas directrices que aprobar\u00e1 a Comisi\u00f3n Acad\u00e9mica a partir da normativa xa existente nas universidades participantes.<\/p>\n<p>A avaliaci\u00f3n do traballo fin de m\u00e1ster ser\u00e1 realizada por varias comisi\u00f3ns designadas anualmente pola Comisi\u00f3n Acad\u00e9mica, que estar\u00e1n compostas por 3 persoas, d\u00faas delas necesariamente profesorado doutor con vinculaci\u00f3n permanente \u00e1 universidade. O acto de defensa do TFM ser\u00e1 p\u00fablico e o estudantado haber\u00e1 de realizar unha exposici\u00f3n resumida do seu traballo nun tempo m\u00e1ximo de 20 minutos e deber\u00e1 responder as cuesti\u00f3ns que lle formulen os membros da comisi\u00f3n. As caracter\u00edsticas formais do traballo recolleranse nas citadas directrices.<\/p>\n<p>&nbsp;<\/p>\n<h2>Traballo Fin de M\u00e1ster &#8211; curso 2024\/2025<\/h2>\n<p class=\"header-list\">Documentaci\u00f3n<\/p>\n<ul class=\"list-peak\">\n<li><a href=\"\/images\/docs\/docencia\/tfm\/Calendario_TFM_MILA_2024-25.pdf\" target=\"_blank\" rel=\"noopener noreferrer\">Calendario e pautas de redacci\u00f3n e presentaci\u00f3n do TFM<\/a><\/li>\n<li><a href=\"\/images\/docs\/docencia\/tfm\/Oferta_TFM_MILA_2024-25.pdf\" target=\"_blank\" rel=\"noopener noreferrer\">Oferta de li\u00f1as de TFM<\/a><\/li>\n<li><!--<a href=\"\/images\/docs\/docencia\/tfm\/LP_asignacion_TFM_MILA_2024-25.pdf\" target=\"_blank\" rel=\"noopener noreferrer\">-->Adxudicaci\u00f3n provisional de li\u00f1as de TFM<\/a><\/li>\n<li><!--<a href=\"\/images\/docs\/docencia\/tfm\/LD_asignacion_TFM_MILA_2024-25.pdf\" target=\"_blank\" rel=\"noopener noreferrer\">-->Adxudicaci\u00f3n definitiva de li\u00f1as de TFM<\/a><\/li>\n<\/ul>\n<p><!--\n\n\n<h3>Calendario de defensa do TFM<\/h3>\n\n\n\n[tabs type=\"tabs\"]\n\n\n[tab title=\"UDC\" active fade]\n\n\n<p class=\"header-list\">Universidade da Coru\u00f1a<\/p>\n\n\n\n\n<table>\n\n\n<thead>\n\n\n<tr>\n\n\n<th>Convocatoria<\/th>\n\n\n\n\n<th>Data de dep\u00f3sito<\/th>\n\n\n\n\n<th>Defensa<\/th>\n\n\n<\/tr>\n\n\n<\/thead>\n\n\n\n\n<tbody>\n\n\n<tr>\n\n\n<td>Febreiro<\/td>\n\n\n\n\n<td>Ata o 14 de febreiro de 2024<\/td>\n\n\n\n\n<td>26-27 de febreiro de 2024<\/td>\n\n\n<\/tr>\n\n\n\n\n<tr>\n\n\n<td>Xu\u00f1o<\/td>\n\n\n\n\n<td>-<\/td>\n\n\n\n\n<td>-<\/td>\n\n\n<\/tr>\n\n\n\n\n<tr>\n\n\n<td>Xullo<\/td>\n\n\n\n\n<td>Ata o 10 de xullo de 2024<\/td>\n\n\n\n\n<td>22-23 de xullo de 2024<\/td>\n\n\n<\/tr>\n\n\n\n\n<tr>\n\n\n<td>Setembro<\/td>\n\n\n\n\n<td>Ata o 10 de setembro de 2024<\/td>\n\n\n\n\n<td>19-20 de setembro de 2024<\/td>\n\n\n<\/tr>\n\n\n<\/tbody>\n\n\n<\/table>\n\n\n\n&nbsp;\n[\/tab]\n\n[tab title=\"USC\" fade]\n\n\n<p class=\"header-list\">Universidade de Santiago de Compostela<\/p>\n\n\n\n\n<table>\n\n\n<thead>\n\n\n<tr>\n\n\n<th>Convocatoria<\/th>\n\n\n\n\n<th>Data de dep\u00f3sito<\/th>\n\n\n\n\n<th>Defensa<\/th>\n\n\n<\/tr>\n\n\n<\/thead>\n\n\n\n\n<tbody>\n\n\n<tr>\n\n\n<td>Febreiro<\/td>\n\n\n\n\n<td>8-9 de febreiro de 2024<\/td>\n\n\n\n\n<td>19-20 de febreiro de 2024<\/td>\n\n\n<\/tr>\n\n\n\n\n<tr>\n\n\n<td>Xu\u00f1o<\/td>\n\n\n\n\n<td>-<\/td>\n\n\n\n\n<td>-<\/td>\n\n\n<\/tr>\n\n\n\n\n<tr>\n\n\n<td>Xullo<\/td>\n\n\n\n\n<td>8-9 de xullo de 2024<\/td>\n\n\n\n\n<td>22-23 de xullo de 2024<\/td>\n\n\n<\/tr>\n\n\n\n\n<tr>\n\n\n<td>Setembro<\/td>\n\n\n\n\n<td>10-11 de setembro de 2024<\/td>\n\n\n\n\n<td>19-20 de setembro de 2024<\/td>\n\n\n<\/tr>\n\n\n<\/tbody>\n\n\n<\/table>\n\n\n\n&nbsp;\n\n[\/tab]\n[tab title=\"UVIGO\" fade]\n\n\n<p class=\"header-list\">Universidade de Vigo<\/p>\n\n\n\n\n<table>\n\n\n<thead>\n\n\n<tr>\n\n\n<th>Convocatoria<\/th>\n\n\n\n\n<th>Data de dep\u00f3sito<\/th>\n\n\n\n\n<th>Defensa<\/th>\n\n\n<\/tr>\n\n\n<\/thead>\n\n\n\n\n<tbody>\n\n\n<tr>\n\n\n<td>Febreiro<\/td>\n\n\n\n\n<td>Ata o 31 de xaneiro de 2024<\/td>\n\n\n\n\n<td>21-23 de febreiro de 2024<\/td>\n\n\n<\/tr>\n\n\n\n\n<tr>\n\n\n<td>Xu\u00f1o<\/td>\n\n\n\n\n<td>Ata o 31 de maio de 2024<\/td>\n\n\n\n\n<td>19-21 de xu\u00f1o de 2024<\/td>\n\n\n<\/tr>\n\n\n\n\n<tr>\n\n\n<td>Xullo<\/td>\n\n\n\n\n<td>Ata o 2 de xullo de 2024<\/td>\n\n\n\n\n<td>17-19 de xullo de 2024<\/td>\n\n\n<\/tr>\n\n\n\n\n<tr>\n\n\n<td>Setembro<\/td>\n\n\n\n\n<td>Ata o 2 de setembro de 2024<\/td>\n\n\n\n\n<td>10-12 de setembro de 2024<\/td>\n\n\n<\/tr>\n\n\n<\/tbody>\n\n\n<\/table>\n\n\n\n&nbsp;\n\n[\/tab]\n\n[\/tabs] --><\/p>\n","protected":false},"excerpt":{"rendered":"<p>O Traballo Fin de M\u00e1ster consiste nun traballo de investigaci\u00f3n vinculado \u00e1 pr\u00e1ctica profesional, orixinal e in\u00e9dito. Para poder defender o traballo de fin de &hellip; <a class=\"excerpt_more\" href=\"http:\/\/mila.uvigo.gal\/gl\/docencia\/traballo-fin-de-master\/\">Continuar<\/a><\/p>\n","protected":false},"author":2,"featured_media":0,"parent":1703,"menu_order":9,"comment_status":"closed","ping_status":"closed","template":"","meta":{"footnotes":""},"class_list":["post-1711","page","type-page","status-publish","hentry"],"_links":{"self":[{"href":"http:\/\/mila.uvigo.gal\/gl\/wp-json\/wp\/v2\/pages\/1711","targetHints":{"allow":["GET"]}}],"collection":[{"href":"http:\/\/mila.uvigo.gal\/gl\/wp-json\/wp\/v2\/pages"}],"about":[{"href":"http:\/\/mila.uvigo.gal\/gl\/wp-json\/wp\/v2\/types\/page"}],"author":[{"embeddable":true,"href":"http:\/\/mila.uvigo.gal\/gl\/wp-json\/wp\/v2\/users\/2"}],"replies":[{"embeddable":true,"href":"http:\/\/mila.uvigo.gal\/gl\/wp-json\/wp\/v2\/comments?post=1711"}],"version-history":[{"count":60,"href":"http:\/\/mila.uvigo.gal\/gl\/wp-json\/wp\/v2\/pages\/1711\/revisions"}],"predecessor-version":[{"id":57814,"href":"http:\/\/mila.uvigo.gal\/gl\/wp-json\/wp\/v2\/pages\/1711\/revisions\/57814"}],"up":[{"embeddable":true,"href":"http:\/\/mila.uvigo.gal\/gl\/wp-json\/wp\/v2\/pages\/1703"}],"wp:attachment":[{"href":"http:\/\/mila.uvigo.gal\/gl\/wp-json\/wp\/v2\/media?parent=1711"}],"curies":[{"name":"wp","href":"https:\/\/api.w.org\/{rel}","templated":true}]}}