{"id":1850,"date":"2019-05-30T11:24:51","date_gmt":"2019-05-30T09:24:51","guid":{"rendered":"http:\/\/masteravogacia.webs7.uvigo.es\/?page_id=1850"},"modified":"2020-09-15T18:02:59","modified_gmt":"2020-09-15T16:02:59","slug":"inicio","status":"publish","type":"page","link":"https:\/\/mila.uvigo.gal\/gl\/","title":{"rendered":"Inicio"},"content":{"rendered":"<section class=\"uvigo-slide\">\n    <div class=\"slick-slider sliderbehaviour\"\n      data-slick='{\"slidesToShow\": 1, \"slidesToScroll\": 1, \"autoplay\": 1, \"autoplaySpeed\": 6000}'>\n                 <div>\n          <div class=\"uvigo-slide__item\" style=\"background-image: url('https:\/\/mila.uvigo.gal\/wp-content\/uploads\/2018\/11\/Babel-1440x540.jpg')\">\n            \n                            <div class=\"uvigo-slide__item__content\">\n                                    <div class=\"container\">\n                        <div class=\"row\" style=\"background-color: rgba(0, 0, 0, 0.5);\">\n<div class=\"col-lg-12\">\n<p>&nbsp;<\/p>\n<h2>M\u00e1ster Interuniversitario en Ling\u00fc\u00edstica Aplicada<\/h2>\n<p>Este mestrado \u00e9 unha proposta que implica as tres Universidades do Sistema Universitario de Galicia, a trav\u00e9s das Facultades de Filolox\u00eda da Universidade da Coru\u00f1a e a Universidade de Santiago de Compostela, e da Facultade de Filolox\u00eda e Traduci\u00f3n da Universidade de Vigo.<\/p>\n<\/div>\n<div class=\"col-lg-3\"><a href=\"https:\/\/www.udc.es\" target=\"_blank\" rel=\"noopener noreferrer\"><img loading=\"lazy\" decoding=\"async\" class=\"aligncenter\" src=\"\/wp-content\/uploads\/2021\/06\/udc1.png\" width=\"165\" height=\"50\" \/><\/a><\/div>\n<div class=\"col-lg-3\"><a href=\"https:\/\/www.usc.gal\" target=\"_blank\" rel=\"noopener noreferrer\"><img loading=\"lazy\" decoding=\"async\" src=\"\/wp-content\/uploads\/2021\/06\/usc1.png\" width=\"165\" height=\"50\" \/><\/a><\/div>\n<div class=\"col-lg-3\"><a href=\"https:\/\/www.uvigo.gal\" target=\"_blank\" rel=\"noopener noreferrer\"><img loading=\"lazy\" decoding=\"async\" class=\"aligncenter\" src=\"\/wp-content\/uploads\/2021\/06\/uvigo1.png\" width=\"165\" height=\"50\" \/><\/a><\/div>\n<\/div>\n<p>&nbsp;<br \/>\n&nbsp;<\/p>\n                    <\/div>\n                                <\/div>\n                      <\/div>\n          <div class=\"uvigo-slide__item__footer\">\n            <div class=\"container\">\n                <div class=\"row\" style=\"background-color: rgba(0, 0, 0, 0.5);\">\n<div class=\"col-lg-12\">\n<p>&nbsp;<\/p>\n<h2>M\u00e1ster Interuniversitario en Ling\u00fc\u00edstica Aplicada<\/h2>\n<p>Este mestrado \u00e9 unha proposta que implica as tres Universidades do Sistema Universitario de Galicia, a trav\u00e9s das Facultades de Filolox\u00eda da Universidade da Coru\u00f1a e a Universidade de Santiago de Compostela, e da Facultade de Filolox\u00eda e Traduci\u00f3n da Universidade de Vigo.<\/p>\n<\/div>\n<div class=\"col-lg-3\"><a href=\"https:\/\/www.udc.es\" target=\"_blank\" rel=\"noopener noreferrer\"><img loading=\"lazy\" decoding=\"async\" class=\"aligncenter\" src=\"\/wp-content\/uploads\/2021\/06\/udc1.png\" width=\"165\" height=\"50\" \/><\/a><\/div>\n<div class=\"col-lg-3\"><a href=\"https:\/\/www.usc.gal\" target=\"_blank\" rel=\"noopener noreferrer\"><img loading=\"lazy\" decoding=\"async\" src=\"\/wp-content\/uploads\/2021\/06\/usc1.png\" width=\"165\" height=\"50\" \/><\/a><\/div>\n<div class=\"col-lg-3\"><a href=\"https:\/\/www.uvigo.gal\" target=\"_blank\" rel=\"noopener noreferrer\"><img loading=\"lazy\" decoding=\"async\" class=\"aligncenter\" src=\"\/wp-content\/uploads\/2021\/06\/uvigo1.png\" width=\"165\" height=\"50\" \/><\/a><\/div>\n<\/div>\n<p>&nbsp;<br \/>\n&nbsp;<\/p>\n            <\/div>\n          <\/div>\n        <\/div>\n            <\/div>\n\n                 \n  <\/section>\n\n\n\r\n<section class=\"featured-announcements\">\r\n  <div class=\"featured pt-4 pb-8\">\r\n    <div class=\"container\">\r\n      <h2 class=\"featured__title h2 mt-10 mb-10\">Avisos<\/h2>\r\n\r\n      <div class=\"row justify-content-start\">\r\n\r\n\t  \t\t\t\r\n\t\t<div class=\"col-md-6 col-lg-3\">\r\n\t\t\t<div class=\"featured-item featured-item--noback item-announcement card mb-8\">\r\n\t\t\t\t<div class=\"entry-meta\">\r\n\t\t\t\t\t<time class=\"updated\" datetime=\"2025-04-07T10:00:49+02:00\">07\/04\/2025<\/time>\r\n\t\t\t\t<\/div>\r\n\t\t\t\t<div class=\"featured-card-body\">\r\n\t\t\t\t\t<p class=\"featured-item-title\"><a href=\"https:\/\/mila.uvigo.gal\/gl\/avisos\/convocatoria-de-matricula-en-estudos-de-posgrao-para-o-curso-2025-2026\/\">Convocatoria de matr\u00edcula en estudos de posgrao para o curso 2025\/2026<\/a><\/p>\r\n\t\t\t\t<\/div>\r\n\t\t\t<\/div>\r\n\t\t<\/div>\r\n\r\n\t\t\r\n\t\t<div class=\"col-md-6 col-lg-3\">\r\n\t\t\t<div class=\"featured-item featured-item--noback item-announcement card mb-8\">\r\n\t\t\t\t<div class=\"entry-meta\">\r\n\t\t\t\t\t<time class=\"updated\" datetime=\"2025-03-01T10:00:27+01:00\">01\/03\/2025<\/time>\r\n\t\t\t\t<\/div>\r\n\t\t\t\t<div class=\"featured-card-body\">\r\n\t\t\t\t\t<p class=\"featured-item-title\"><a href=\"https:\/\/mila.uvigo.gal\/gl\/avisos\/calendario-de-preinscricion-e-matricula-para-o-curso-2025-2026\/\">Calendario de preinscrici\u00f3n e matr\u00edcula para o curso 2025\/2026<\/a><\/p>\r\n\t\t\t\t<\/div>\r\n\t\t\t<\/div>\r\n\t\t<\/div>\r\n\r\n\t\t\r\n\t\t<div class=\"col-md-6 col-lg-3\">\r\n\t\t\t<div class=\"featured-item featured-item--noback item-announcement card mb-8\">\r\n\t\t\t\t<div class=\"entry-meta\">\r\n\t\t\t\t\t<time class=\"updated\" datetime=\"2024-05-22T18:23:09+02:00\">22\/05\/2024<\/time>\r\n\t\t\t\t<\/div>\r\n\t\t\t\t<div class=\"featured-card-body\">\r\n\t\t\t\t\t<p class=\"featured-item-title\"><a href=\"https:\/\/mila.uvigo.gal\/gl\/avisos\/convocatoria-de-matricula-en-estudos-de-posgrao-para-o-curso-2024-2025\/\">Convocatoria de matr\u00edcula en estudos de posgrao para o curso 2024\/2025<\/a><\/p>\r\n\t\t\t\t<\/div>\r\n\t\t\t<\/div>\r\n\t\t<\/div>\r\n\r\n\t\t\r\n\t\t<div class=\"col-md-6 col-lg-3\">\r\n\t\t\t<div class=\"featured-item featured-item--noback item-announcement card mb-8\">\r\n\t\t\t\t<div class=\"entry-meta\">\r\n\t\t\t\t\t<time class=\"updated\" datetime=\"2024-05-01T10:00:51+02:00\">01\/05\/2024<\/time>\r\n\t\t\t\t<\/div>\r\n\t\t\t\t<div class=\"featured-card-body\">\r\n\t\t\t\t\t<p class=\"featured-item-title\"><a href=\"https:\/\/mila.uvigo.gal\/gl\/avisos\/calendario-de-preinscricion-e-matricula-para-o-curso-2024-2025\/\">Calendario de preinscrici\u00f3n e matr\u00edcula para o curso 2024\/2025<\/a><\/p>\r\n\t\t\t\t<\/div>\r\n\t\t\t<\/div>\r\n\t\t<\/div>\r\n\r\n\t\t\r\n\t\t<div class=\"col-md-6 col-lg-3\">\r\n\t\t\t<div class=\"featured-item featured-item--noback item-announcement card mb-8\">\r\n\t\t\t\t<div class=\"entry-meta\">\r\n\t\t\t\t\t<time class=\"updated\" datetime=\"2023-11-15T10:00:33+01:00\">15\/11\/2023<\/time>\r\n\t\t\t\t<\/div>\r\n\t\t\t\t<div class=\"featured-card-body\">\r\n\t\t\t\t\t<p class=\"featured-item-title\"><a href=\"https:\/\/mila.uvigo.gal\/gl\/avisos\/calendario-e-pautas-de-redaccion-e-presentacion-do-tfm-2023-2024\/\">Calendario e pautas de redacci\u00f3n e presentaci\u00f3n do TFM 2023\/2024<\/a><\/p>\r\n\t\t\t\t<\/div>\r\n\t\t\t<\/div>\r\n\t\t<\/div>\r\n\r\n\t\t\r\n\t\t<div class=\"col-md-6 col-lg-3\">\r\n\t\t\t<div class=\"featured-item featured-item--noback item-announcement card mb-8\">\r\n\t\t\t\t<div class=\"entry-meta\">\r\n\t\t\t\t\t<time class=\"updated\" datetime=\"2023-11-14T10:00:46+01:00\">14\/11\/2023<\/time>\r\n\t\t\t\t<\/div>\r\n\t\t\t\t<div class=\"featured-card-body\">\r\n\t\t\t\t\t<p class=\"featured-item-title\"><a href=\"https:\/\/mila.uvigo.gal\/gl\/avisos\/oferta-de-linas-tfm-curso-2023-2024\/\">Oferta de li\u00f1as TFM curso 2023\/2024<\/a><\/p>\r\n\t\t\t\t<\/div>\r\n\t\t\t<\/div>\r\n\t\t<\/div>\r\n\r\n\t\t\r\n\t\t<div class=\"col-md-6 col-lg-3\">\r\n\t\t\t<div class=\"featured-item featured-item--noback item-announcement card mb-8\">\r\n\t\t\t\t<div class=\"entry-meta\">\r\n\t\t\t\t\t<time class=\"updated\" datetime=\"2023-07-27T10:00:19+02:00\">27\/07\/2023<\/time>\r\n\t\t\t\t<\/div>\r\n\t\t\t\t<div class=\"featured-card-body\">\r\n\t\t\t\t\t<p class=\"featured-item-title\"><a href=\"https:\/\/mila.uvigo.gal\/gl\/avisos\/matricula-2023-2024-listaxe-definitiva-de-persoas-admitidas-e-excluidas-do-primeiro-prazo\/\">Matr\u00edcula 2023\/2024: listaxe definitiva de persoas admitidas e exclu\u00eddas do primeiro prazo<\/a><\/p>\r\n\t\t\t\t<\/div>\r\n\t\t\t<\/div>\r\n\t\t<\/div>\r\n\r\n\t\t\r\n\t\t<div class=\"col-md-6 col-lg-3\">\r\n\t\t\t<div class=\"featured-item featured-item--noback item-announcement card mb-8\">\r\n\t\t\t\t<div class=\"entry-meta\">\r\n\t\t\t\t\t<time class=\"updated\" datetime=\"2023-07-20T10:00:08+02:00\">20\/07\/2023<\/time>\r\n\t\t\t\t<\/div>\r\n\t\t\t\t<div class=\"featured-card-body\">\r\n\t\t\t\t\t<p class=\"featured-item-title\"><a href=\"https:\/\/mila.uvigo.gal\/gl\/avisos\/matricula-2023-2024-listaxe-provisoria-de-persoas-admitidas-e-excluidas-do-primeiro-prazo\/\">Matr\u00edcula 2023\/2024: listaxe provisoria de persoas admitidas e exclu\u00eddas do primeiro prazo<\/a><\/p>\r\n\t\t\t\t<\/div>\r\n\t\t\t<\/div>\r\n\t\t<\/div>\r\n\r\n\t\t\t\t\t\t\r\n      <\/div>\r\n\r\n      <div class=\"featured-footer row justify-content-end\">\r\n\t  \t<a class=\"btn btn-primary btn-icon\" href=\"avisos\">Ver todos os avisos<\/a>\r\n      <\/div>\r\n\r\n    <\/div>\r\n  <\/div>\r\n<\/section>\r\n\n<div class=\"research floor\">\n<div class=\"container\">\n<p>&nbsp;<\/p>\n<p>O mestrado constit\u00fae unha reorganizaci\u00f3n e transformaci\u00f3n de catro t\u00edtulos: o M\u00e1ster Interuniversitario en Ling\u00fc\u00edstica Galega (Universidade de Vigo, Universidade de Santiago de Compostela e Universidade da Coru\u00f1a), o M\u00e1ster Universitario en Estudos Ling\u00fc\u00edsticos (Universidade de Santiago de Compostela), o M\u00e1ster Interuniversitario en Ling\u00fc\u00edstica e as s\u00faas Aplicaci\u00f3ns (Universidade de Vigo e Universidade da Coru\u00f1a) e o M\u00e1ster Universitario en Lingua e Usos Profesionais (Universidade da Coru\u00f1a).<\/p>\n<p>Destes catro mestrados, os tres primeiros, de orientaci\u00f3n investigadora, prove\u00f1en da reconversi\u00f3n doutros tantos programas de doutoramento que recibiron a Menci\u00f3n de Calidade do Ministerio.<\/p>\n<\/div>\n<\/div>\n","protected":false},"excerpt":{"rendered":"<p>&nbsp; O mestrado constit\u00fae unha reorganizaci\u00f3n e transformaci\u00f3n de catro t\u00edtulos: o M\u00e1ster Interuniversitario en Ling\u00fc\u00edstica Galega (Universidade de Vigo, Universidade de Santiago de Compostela &hellip; <a class=\"excerpt_more\" href=\"https:\/\/mila.uvigo.gal\/gl\/avisos\/matricula-2023-2024-listaxe-provisoria-de-persoas-admitidas-e-excluidas-do-primeiro-prazo\/\">Continuar<\/a><\/p>\n","protected":false},"author":2,"featured_media":0,"parent":0,"menu_order":0,"comment_status":"closed","ping_status":"closed","template":"","meta":{"footnotes":""},"class_list":["post-1850","page","type-page","status-publish","hentry"],"_links":{"self":[{"href":"https:\/\/mila.uvigo.gal\/gl\/wp-json\/wp\/v2\/pages\/1850","targetHints":{"allow":["GET"]}}],"collection":[{"href":"https:\/\/mila.uvigo.gal\/gl\/wp-json\/wp\/v2\/pages"}],"about":[{"href":"https:\/\/mila.uvigo.gal\/gl\/wp-json\/wp\/v2\/types\/page"}],"author":[{"embeddable":true,"href":"https:\/\/mila.uvigo.gal\/gl\/wp-json\/wp\/v2\/users\/2"}],"replies":[{"embeddable":true,"href":"https:\/\/mila.uvigo.gal\/gl\/wp-json\/wp\/v2\/comments?post=1850"}],"version-history":[{"count":32,"href":"https:\/\/mila.uvigo.gal\/gl\/wp-json\/wp\/v2\/pages\/1850\/revisions"}],"predecessor-version":[{"id":28835,"href":"https:\/\/mila.uvigo.gal\/gl\/wp-json\/wp\/v2\/pages\/1850\/revisions\/28835"}],"wp:attachment":[{"href":"https:\/\/mila.uvigo.gal\/gl\/wp-json\/wp\/v2\/media?parent=1850"}],"curies":[{"name":"wp","href":"https:\/\/api.w.org\/{rel}","templated":true}]}}